{"id":324,"date":"2024-02-24T14:25:31","date_gmt":"2024-02-24T14:25:31","guid":{"rendered":"https:\/\/ambicioperica.org\/?page_id=324"},"modified":"2024-02-27T17:06:46","modified_gmt":"2024-02-27T17:06:46","slug":"visio","status":"publish","type":"page","link":"https:\/\/ambicioperica.org\/es\/visio\/","title":{"rendered":"Visi\u00f3n"},"content":{"rendered":"<div data-elementor-type=\"wp-page\" data-elementor-id=\"324\" class=\"elementor elementor-324\" data-elementor-post-type=\"page\">\n\t\t\t\t<div class=\"elementor-element elementor-element-c37769f e-flex e-con-boxed e-con e-parent\" data-id=\"c37769f\" data-element_type=\"container\" data-e-type=\"container\" data-settings=\"{&quot;background_background&quot;:&quot;classic&quot;}\">\n\t\t\t\t\t<div class=\"e-con-inner\">\n\t\t\t\t<div class=\"elementor-element elementor-element-cb3cd06 elementor-widget elementor-widget-spacer\" data-id=\"cb3cd06\" data-element_type=\"widget\" data-e-type=\"widget\" data-widget_type=\"spacer.default\">\n\t\t\t\t<div class=\"elementor-widget-container\">\n\t\t\t\t\t\t\t<div class=\"elementor-spacer\">\n\t\t\t<div class=\"elementor-spacer-inner\"><\/div>\n\t\t<\/div>\n\t\t\t\t\t\t<\/div>\n\t\t\t\t<\/div>\n\t\t\t\t<div class=\"elementor-element elementor-element-be47576 elementor-widget elementor-widget-heading\" data-id=\"be47576\" data-element_type=\"widget\" data-e-type=\"widget\" data-widget_type=\"heading.default\">\n\t\t\t\t<div class=\"elementor-widget-container\">\n\t\t\t\t\t<h2 class=\"elementor-heading-title elementor-size-default\">Nuestra visi\u00f3n<\/h2>\t\t\t\t<\/div>\n\t\t\t\t<\/div>\n\t\t\t\t<div class=\"elementor-element elementor-element-1d6848d elementor-widget elementor-widget-spacer\" data-id=\"1d6848d\" data-element_type=\"widget\" data-e-type=\"widget\" data-widget_type=\"spacer.default\">\n\t\t\t\t<div class=\"elementor-widget-container\">\n\t\t\t\t\t\t\t<div class=\"elementor-spacer\">\n\t\t\t<div class=\"elementor-spacer-inner\"><\/div>\n\t\t<\/div>\n\t\t\t\t\t\t<\/div>\n\t\t\t\t<\/div>\n\t\t\t\t\t<\/div>\n\t\t\t\t<\/div>\n\t\t<div class=\"elementor-element elementor-element-caa0b05 e-flex e-con-boxed e-con e-parent\" data-id=\"caa0b05\" data-element_type=\"container\" data-e-type=\"container\">\n\t\t\t\t\t<div class=\"e-con-inner\">\n\t\t\t\t<div class=\"elementor-element elementor-element-e5fee91 elementor-widget elementor-widget-heading\" data-id=\"e5fee91\" data-element_type=\"widget\" data-e-type=\"widget\" data-widget_type=\"heading.default\">\n\t\t\t\t<div class=\"elementor-widget-container\">\n\t\t\t\t\t<h2 class=\"elementor-heading-title elementor-size-default\">Visi\u00f3n a Largo Plazo<\/h2>\t\t\t\t<\/div>\n\t\t\t\t<\/div>\n\t\t\t\t\t<\/div>\n\t\t\t\t<\/div>\n\t\t<div class=\"elementor-element elementor-element-50b1779 e-flex e-con-boxed e-con e-parent\" data-id=\"50b1779\" data-element_type=\"container\" data-e-type=\"container\">\n\t\t\t\t\t<div class=\"e-con-inner\">\n\t\t<div class=\"elementor-element elementor-element-571c402 e-flex e-con-boxed e-con e-child\" data-id=\"571c402\" data-element_type=\"container\" data-e-type=\"container\">\n\t\t\t\t\t<div class=\"e-con-inner\">\n\t\t\t\t<div class=\"elementor-element elementor-element-a95ee55 elementor-widget elementor-widget-text-editor\" data-id=\"a95ee55\" data-element_type=\"widget\" data-e-type=\"widget\" data-widget_type=\"text-editor.default\">\n\t\t\t\t<div class=\"elementor-widget-container\">\n\t\t\t\t\t\t\t\t\t<h3><strong>Valorizaci\u00f3n del Club<\/strong><\/h3><p><strong>Se quiere elevar el valor de mercado del RCD Espanyol a m\u00e1s de 500-550 millones de euros.<\/strong> Esto no s\u00f3lo reflejar\u00e1 una mejora en la infraestructura y en las capacidades deportivas, sino tambi\u00e9n en el valor de marca, la presencia internacional y el arraigo en la comunidad. La valorizaci\u00f3n se conseguir\u00e1 mediante una gesti\u00f3n financiera astuta, inversiones inteligentes en jugadores y una mejora en los resultados deportivos, que a su vez impulsar\u00e1n ingresos por patrocinios, derechos de televisi\u00f3n y premios por competiciones.<\/p><h3><strong>Competitividad<\/strong><\/h3><p><strong>La meta no es s\u00f3lo competir, sino mantenerse entre la \u00e9lite de forma sostenida.<\/strong> Esto significa clasificar anualmente para las competiciones europeas, lo que requiere una planificaci\u00f3n deportiva de largo alcance, inversi\u00f3n en talento joven y una estructura t\u00e9cnica que promueva la innovaci\u00f3n t\u00e1ctica y estrat\u00e9gica. El club buscar\u00e1 ser un contendiente regular en La Liga y dejar huella en la escena europea.<\/p><h3><strong>Inversi\u00f3n en Infraestructuras y Proyecto Deportivo<\/strong><\/h3><p><strong>La inversi\u00f3n no s\u00f3lo se centrar\u00e1 en fichajes, sino tambi\u00e9n en mejorar las instalaciones deportivas, modernizar el estadio y, sobre todo, en fortalecer la cantera.<\/strong> El proyecto busca crear una academia de f\u00fatbol que sea referencia nacional e internacional, atrayendo y desarrollando talento joven que pueda alimentar al primer equipo y generar recursos a trav\u00e9s de traspasos estrat\u00e9gicos.<\/p><h3><strong>Modelo de Negocio Innovador<\/strong><\/h3><p>Con una visi\u00f3n a largo plazo, \u201cAmbici\u00f3n Perica\u201d se propone innovar en el modelo de negocio del f\u00fatbol. <strong>Esto incluye explorar nuevas v\u00edas de ingresos, como la digitalizaci\u00f3n y la expansi\u00f3n de la marca Espanyol en mercados internacionales, especialmente en Asia y Am\u00e9rica, donde la liga espa\u00f1ola cuenta ya con una base de aficionados significativa.<\/strong><\/p><h3><strong>Responsabilidad Social<\/strong><\/h3><p>\u201cAmbici\u00f3n Perica\u201d reconoce que <strong>el futuro del club no s\u00f3lo se construye con logros deportivos, sino tambi\u00e9n con una fuerte integraci\u00f3n en la comunidad y un compromiso con la responsabilidad social<\/strong>. El club se convertir\u00e1 en un s\u00edmbolo de cohesi\u00f3n social, promoviendo valores como la inclusi\u00f3n, la educaci\u00f3n y la salud a trav\u00e9s del deporte.<\/p><h3><strong>Gobierno y Transparencia<\/strong><\/h3><p>Un club con una visi\u00f3n de futuro debe ser un modelo de buena gobernanza.<strong> Esto implica transparencia en la gesti\u00f3n, la claridad en las finanzas y la participaci\u00f3n activa de los socios y aficionados en las decisiones importantes.<\/strong> Ambici\u00f3 Perica se compromete a establecer est\u00e1ndares de gobernanza que aseguren que el club sea gestionado de forma eficaz y \u00e9tica.<\/p>\t\t\t\t\t\t\t\t<\/div>\n\t\t\t\t<\/div>\n\t\t\t\t\t<\/div>\n\t\t\t\t<\/div>\n\t\t\t\t\t<\/div>\n\t\t\t\t<\/div>\n\t\t\t\t<\/div>","protected":false},"excerpt":{"rendered":"<p>La Nostra Visi\u00f3 Visi\u00f3 Llarg termini Valoritzaci\u00f3 del Club Es vol elevar el valor de mercat del RCD Espanyol a m\u00e9s de 500-550 milions d&#8217;euros. Aix\u00f2 no nom\u00e9s reflectir\u00e0 una millora en la infraestructura i en les capacitats esportives, sin\u00f3 tamb\u00e9 en el valor de marca, la pres\u00e8ncia internacional i l&#8217;arrelament a la comunitat. La [&hellip;]<\/p>\n","protected":false},"author":1,"featured_media":0,"parent":0,"menu_order":0,"comment_status":"closed","ping_status":"closed","template":"elementor_header_footer","meta":{"footnotes":""},"class_list":["post-324","page","type-page","status-publish","hentry"],"yoast_head":"<!-- This site is optimized with the Yoast SEO plugin v27.5 - https:\/\/yoast.com\/product\/yoast-seo-wordpress\/ -->\n<title>Visi\u00f3 - Ambici\u00f3 Perica<\/title>\n<meta name=\"robots\" content=\"index, follow, max-snippet:-1, max-image-preview:large, max-video-preview:-1\" \/>\n<link rel=\"canonical\" href=\"https:\/\/ambicioperica.org\/es\/visio\/\" \/>\n<meta property=\"og:locale\" content=\"es_ES\" \/>\n<meta property=\"og:type\" content=\"article\" \/>\n<meta property=\"og:title\" content=\"Visi\u00f3 - Ambici\u00f3 Perica\" \/>\n<meta property=\"og:description\" content=\"La Nostra Visi\u00f3 Visi\u00f3 Llarg termini Valoritzaci\u00f3 del Club Es vol elevar el valor de mercat del RCD Espanyol a m\u00e9s de 500-550 milions d&#8217;euros. Aix\u00f2 no nom\u00e9s reflectir\u00e0 una millora en la infraestructura i en les capacitats esportives, sin\u00f3 tamb\u00e9 en el valor de marca, la pres\u00e8ncia internacional i l&#8217;arrelament a la comunitat. La [&hellip;]\" \/>\n<meta property=\"og:url\" content=\"https:\/\/ambicioperica.org\/es\/visio\/\" \/>\n<meta property=\"og:site_name\" content=\"Ambici\u00f3 Perica\" \/>\n<meta property=\"article:modified_time\" content=\"2024-02-27T17:06:46+00:00\" \/>\n<meta property=\"og:image\" content=\"https:\/\/ambicioperica.org\/wp-content\/uploads\/2024\/02\/WhatsApp-Image-2023-12-16-at-19.07.29-2.jpg\" \/>\n\t<meta property=\"og:image:width\" content=\"1536\" \/>\n\t<meta property=\"og:image:height\" content=\"1024\" \/>\n\t<meta property=\"og:image:type\" content=\"image\/jpeg\" \/>\n<meta name=\"twitter:card\" content=\"summary_large_image\" \/>\n<meta name=\"twitter:label1\" content=\"Tiempo de lectura\" \/>\n\t<meta name=\"twitter:data1\" content=\"4 minutos\" \/>\n<script type=\"application\/ld+json\" class=\"yoast-schema-graph\">{\"@context\":\"https:\\\/\\\/schema.org\",\"@graph\":[{\"@type\":\"WebPage\",\"@id\":\"https:\\\/\\\/ambicioperica.org\\\/visio\\\/\",\"url\":\"https:\\\/\\\/ambicioperica.org\\\/visio\\\/\",\"name\":\"Visi\u00f3 - Ambici\u00f3 Perica\",\"isPartOf\":{\"@id\":\"https:\\\/\\\/ambicioperica.org\\\/#website\"},\"datePublished\":\"2024-02-24T14:25:31+00:00\",\"dateModified\":\"2024-02-27T17:06:46+00:00\",\"breadcrumb\":{\"@id\":\"https:\\\/\\\/ambicioperica.org\\\/visio\\\/#breadcrumb\"},\"inLanguage\":\"es\",\"potentialAction\":[{\"@type\":\"ReadAction\",\"target\":[\"https:\\\/\\\/ambicioperica.org\\\/visio\\\/\"]}]},{\"@type\":\"BreadcrumbList\",\"@id\":\"https:\\\/\\\/ambicioperica.org\\\/visio\\\/#breadcrumb\",\"itemListElement\":[{\"@type\":\"ListItem\",\"position\":1,\"name\":\"Home\",\"item\":\"https:\\\/\\\/ambicioperica.org\\\/\"},{\"@type\":\"ListItem\",\"position\":2,\"name\":\"Visi\u00f3\"}]},{\"@type\":\"WebSite\",\"@id\":\"https:\\\/\\\/ambicioperica.org\\\/#website\",\"url\":\"https:\\\/\\\/ambicioperica.org\\\/\",\"name\":\"Ambici\u00f3 Perica\",\"description\":\"RCD ESPANYOL\",\"publisher\":{\"@id\":\"https:\\\/\\\/ambicioperica.org\\\/#organization\"},\"potentialAction\":[{\"@type\":\"SearchAction\",\"target\":{\"@type\":\"EntryPoint\",\"urlTemplate\":\"https:\\\/\\\/ambicioperica.org\\\/?s={search_term_string}\"},\"query-input\":{\"@type\":\"PropertyValueSpecification\",\"valueRequired\":true,\"valueName\":\"search_term_string\"}}],\"inLanguage\":\"es\"},{\"@type\":\"Organization\",\"@id\":\"https:\\\/\\\/ambicioperica.org\\\/#organization\",\"name\":\"Ambici\u00f3 Perica\",\"url\":\"https:\\\/\\\/ambicioperica.org\\\/\",\"logo\":{\"@type\":\"ImageObject\",\"inLanguage\":\"es\",\"@id\":\"https:\\\/\\\/ambicioperica.org\\\/#\\\/schema\\\/logo\\\/image\\\/\",\"url\":\"https:\\\/\\\/ambicioperica.org\\\/wp-content\\\/uploads\\\/2024\\\/02\\\/Untitled.png\",\"contentUrl\":\"https:\\\/\\\/ambicioperica.org\\\/wp-content\\\/uploads\\\/2024\\\/02\\\/Untitled.png\",\"width\":386,\"height\":386,\"caption\":\"Ambici\u00f3 Perica\"},\"image\":{\"@id\":\"https:\\\/\\\/ambicioperica.org\\\/#\\\/schema\\\/logo\\\/image\\\/\"}}]}<\/script>\n<!-- \/ Yoast SEO plugin. -->","yoast_head_json":{"title":"Visi\u00f3 - Ambici\u00f3 Perica","robots":{"index":"index","follow":"follow","max-snippet":"max-snippet:-1","max-image-preview":"max-image-preview:large","max-video-preview":"max-video-preview:-1"},"canonical":"https:\/\/ambicioperica.org\/es\/visio\/","og_locale":"es_ES","og_type":"article","og_title":"Visi\u00f3 - Ambici\u00f3 Perica","og_description":"La Nostra Visi\u00f3 Visi\u00f3 Llarg termini Valoritzaci\u00f3 del Club Es vol elevar el valor de mercat del RCD Espanyol a m\u00e9s de 500-550 milions d&#8217;euros. Aix\u00f2 no nom\u00e9s reflectir\u00e0 una millora en la infraestructura i en les capacitats esportives, sin\u00f3 tamb\u00e9 en el valor de marca, la pres\u00e8ncia internacional i l&#8217;arrelament a la comunitat. La [&hellip;]","og_url":"https:\/\/ambicioperica.org\/es\/visio\/","og_site_name":"Ambici\u00f3 Perica","article_modified_time":"2024-02-27T17:06:46+00:00","og_image":[{"width":1536,"height":1024,"url":"https:\/\/ambicioperica.org\/wp-content\/uploads\/2024\/02\/WhatsApp-Image-2023-12-16-at-19.07.29-2.jpg","type":"image\/jpeg"}],"twitter_card":"summary_large_image","twitter_misc":{"Tiempo de lectura":"4 minutos"},"schema":{"@context":"https:\/\/schema.org","@graph":[{"@type":"WebPage","@id":"https:\/\/ambicioperica.org\/visio\/","url":"https:\/\/ambicioperica.org\/visio\/","name":"Visi\u00f3 - Ambici\u00f3 Perica","isPartOf":{"@id":"https:\/\/ambicioperica.org\/#website"},"datePublished":"2024-02-24T14:25:31+00:00","dateModified":"2024-02-27T17:06:46+00:00","breadcrumb":{"@id":"https:\/\/ambicioperica.org\/visio\/#breadcrumb"},"inLanguage":"es","potentialAction":[{"@type":"ReadAction","target":["https:\/\/ambicioperica.org\/visio\/"]}]},{"@type":"BreadcrumbList","@id":"https:\/\/ambicioperica.org\/visio\/#breadcrumb","itemListElement":[{"@type":"ListItem","position":1,"name":"Home","item":"https:\/\/ambicioperica.org\/"},{"@type":"ListItem","position":2,"name":"Visi\u00f3"}]},{"@type":"WebSite","@id":"https:\/\/ambicioperica.org\/#website","url":"https:\/\/ambicioperica.org\/","name":"Ambici\u00f3 Perica","description":"RCD ESPANYOL","publisher":{"@id":"https:\/\/ambicioperica.org\/#organization"},"potentialAction":[{"@type":"SearchAction","target":{"@type":"EntryPoint","urlTemplate":"https:\/\/ambicioperica.org\/?s={search_term_string}"},"query-input":{"@type":"PropertyValueSpecification","valueRequired":true,"valueName":"search_term_string"}}],"inLanguage":"es"},{"@type":"Organization","@id":"https:\/\/ambicioperica.org\/#organization","name":"Ambici\u00f3 Perica","url":"https:\/\/ambicioperica.org\/","logo":{"@type":"ImageObject","inLanguage":"es","@id":"https:\/\/ambicioperica.org\/#\/schema\/logo\/image\/","url":"https:\/\/ambicioperica.org\/wp-content\/uploads\/2024\/02\/Untitled.png","contentUrl":"https:\/\/ambicioperica.org\/wp-content\/uploads\/2024\/02\/Untitled.png","width":386,"height":386,"caption":"Ambici\u00f3 Perica"},"image":{"@id":"https:\/\/ambicioperica.org\/#\/schema\/logo\/image\/"}}]}},"_links":{"self":[{"href":"https:\/\/ambicioperica.org\/es\/wp-json\/wp\/v2\/pages\/324","targetHints":{"allow":["GET"]}}],"collection":[{"href":"https:\/\/ambicioperica.org\/es\/wp-json\/wp\/v2\/pages"}],"about":[{"href":"https:\/\/ambicioperica.org\/es\/wp-json\/wp\/v2\/types\/page"}],"author":[{"embeddable":true,"href":"https:\/\/ambicioperica.org\/es\/wp-json\/wp\/v2\/users\/1"}],"replies":[{"embeddable":true,"href":"https:\/\/ambicioperica.org\/es\/wp-json\/wp\/v2\/comments?post=324"}],"version-history":[{"count":5,"href":"https:\/\/ambicioperica.org\/es\/wp-json\/wp\/v2\/pages\/324\/revisions"}],"predecessor-version":[{"id":423,"href":"https:\/\/ambicioperica.org\/es\/wp-json\/wp\/v2\/pages\/324\/revisions\/423"}],"wp:attachment":[{"href":"https:\/\/ambicioperica.org\/es\/wp-json\/wp\/v2\/media?parent=324"}],"curies":[{"name":"wp","href":"https:\/\/api.w.org\/{rel}","templated":true}]}}